{"id":17,"date":"2019-02-13T20:46:35","date_gmt":"2019-02-13T22:46:35","guid":{"rendered":"http:\/\/localhost\/ebs\/?page_id=17"},"modified":"2019-02-21T02:16:23","modified_gmt":"2019-02-21T05:16:23","slug":"comites","status":"publish","type":"page","link":"https:\/\/ebs.ect.ufrn.br\/?page_id=17","title":{"rendered":"Comit\u00eas"},"content":{"rendered":"\n<p style=\"text-align:center\" class=\"has-medium-font-size\"><strong>Comit\u00ea Organizador<\/strong><\/p>\n\n\n\n<table class=\"wp-block-table is-style-stripes\"><tbody><tr><td>Coordenador<\/td><td>Paulo Gilberto de Paula Toro<\/td><td>Professor Visitante<\/td><\/tr><tr><td>Vice Coordenador<\/td><td>George Santos Marinho<\/td><td>Departamento de Engenharia Mec\u00e2nica<\/td><\/tr><tr><td>Coordenador T\u00e9cnico<\/td><td>Paulo Gilberto de Paula Toro<\/td><td>Professor Visitante<\/td><\/tr><tr><td>Coordenador Educacional<\/td><td>Salete Martins Alves<\/td><td>Programa de P\u00f3s-Gradua\u00e7\u00e3o em Engenharia Mec\u00e2nica<\/td><\/tr><tr><td>Coordenador Internacional<\/td><td>Aderson Farias do Nascimento<\/td><td>Departamento de Geof\u00edsica<\/td><\/tr><tr><td>Coordenador Institucional<\/td><td>Gilvan Luiz Borba<\/td><td>Departamento de Geof\u00edsica<\/td><\/tr><tr><td>Coordenador Financeiro<\/td><td>Douglas do Nascimento Silva<\/td><td>Escola de Ci\u00eancias e Tecnologia<\/td><\/tr><tr><td>Coordenador Log\u00edstica<\/td><td>George Santos Marinho<\/td><td>Departamento de Engenharia Mec\u00e2nica<\/td><\/tr><\/tbody><\/table>\n\n\n\n<p style=\"text-align:center\" class=\"has-medium-font-size\"><\/p>\n\n\n\n<p style=\"text-align:center\" class=\"has-medium-font-size\"><strong>Comit\u00ea T\u00e9cnico<\/strong><\/p>\n\n\n\n<table class=\"wp-block-table\"><tbody><tr><td>Paulo Gilberto de Paula Toro<\/td><td>Professor Visitante<\/td><td>UFRN<\/td><\/tr><tr><td>George Santos Marinho<\/td><td>Departamento de Engenharia Mec\u00e2nica<\/td><td>UFRN<\/td><\/tr><tr><td>Eduardo Jos\u00e9 Cidade Cavalcanti<\/td><td>Departamento de Engenharia Mec\u00e2nica <\/td><td>UFRN<\/td><\/tr><tr><td>Sandi Itamar Schafer de Souza<\/td><td>Departamento de Engenharia Mec\u00e2nica <\/td><td>UFRN<\/td><\/tr><tr><td>Gabriel Ivan Medina Tapia<\/td><td>Departamento de Engenharia Mec\u00e2nica <\/td><td>UFRN<\/td><\/tr><tr><td>Douglas do Nascimento Silva<\/td><td>Escola de Ci\u00eancias e Tecnologia<\/td><td>UFRN<\/td><\/tr><tr><td>Daniel Nelson Maciel<\/td><td>Escola de Ci\u00eancias e Tecnologia<\/td><td>UFRN<\/td><\/tr><tr><td>Jos\u00e9 Henrique Fernandez<\/td><td>Escola de Ci\u00eancias e Tecnologia<\/td><td>UFRN<\/td><\/tr><tr><td>Salete Martins Alves<\/td><td>Programa de P\u00f3s-Gradua\u00e7\u00e3o em Engenharia Mec\u00e2nica<\/td><td>UFRN<\/td><\/tr><tr><td>Gilvan Luiz Borba<\/td><td>Departamento de Geof\u00edsica<\/td><td>UFRN<\/td><\/tr><tr><td>Luiz Mariano Pereira<\/td><td>Universidade Federal do Vale do S\u00e3o Francisco<\/td><td>UNIVASF\/ Petrolina (PE)<\/td><\/tr><tr><td>Jos\u00e9 Bismark de Medeiros<\/td><td>Universidade Federal do Vale do S\u00e3o Francisco<\/td><td>UNIVASF\/ Petrolina (PE)<\/td><\/tr><tr><td>Israel da Silveira R\u00eago<\/td><td>Instituto de Estudos Avan\u00e7ados<\/td><td>IEAv\/ SJC (SP)<\/td><\/tr><tr><td>Humberto Araujo Machado<\/td><td>Instituto de Aeron\u00e1utica e Espa\u00e7o<\/td><td>IAE\/SJC (SP)<\/td><\/tr><tr><td>Heidi Korzenowski<\/td><td>Universidade do Vale do Para\u00edba<\/td><td>UNIVAP\/SJC (SP)<\/td><\/tr><\/tbody><\/table>\n","protected":false},"excerpt":{"rendered":"<p>Comit\u00ea Organizador Coordenador Paulo Gilberto de Paula Toro Professor Visitante Vice Coordenador George Santos Marinho Departamento de Engenharia Mec\u00e2nica Coordenador T\u00e9cnico Paulo Gilberto de Paula Toro Professor Visitante Coordenador Educacional Salete Martins Alves Programa de P\u00f3s-Gradua\u00e7\u00e3o em Engenharia Mec\u00e2nica Coordenador Internacional Aderson Farias do Nascimento Departamento de Geof\u00edsica Coordenador Institucional Gilvan Luiz Borba Departamento de <a href=\"https:\/\/ebs.ect.ufrn.br\/?page_id=17\" rel=\"nofollow\"><span class=\"sr-only\">Read more about Comit\u00eas<\/span>[&hellip;]<\/a><\/p>\n","protected":false},"author":1,"featured_media":0,"parent":0,"menu_order":0,"comment_status":"closed","ping_status":"closed","template":"","meta":[],"acf":[],"_links":{"self":[{"href":"https:\/\/ebs.ect.ufrn.br\/index.php?rest_route=\/wp\/v2\/pages\/17"}],"collection":[{"href":"https:\/\/ebs.ect.ufrn.br\/index.php?rest_route=\/wp\/v2\/pages"}],"about":[{"href":"https:\/\/ebs.ect.ufrn.br\/index.php?rest_route=\/wp\/v2\/types\/page"}],"author":[{"embeddable":true,"href":"https:\/\/ebs.ect.ufrn.br\/index.php?rest_route=\/wp\/v2\/users\/1"}],"replies":[{"embeddable":true,"href":"https:\/\/ebs.ect.ufrn.br\/index.php?rest_route=%2Fwp%2Fv2%2Fcomments&post=17"}],"version-history":[{"count":4,"href":"https:\/\/ebs.ect.ufrn.br\/index.php?rest_route=\/wp\/v2\/pages\/17\/revisions"}],"predecessor-version":[{"id":124,"href":"https:\/\/ebs.ect.ufrn.br\/index.php?rest_route=\/wp\/v2\/pages\/17\/revisions\/124"}],"wp:attachment":[{"href":"https:\/\/ebs.ect.ufrn.br\/index.php?rest_route=%2Fwp%2Fv2%2Fmedia&parent=17"}],"curies":[{"name":"wp","href":"https:\/\/api.w.org\/{rel}","templated":true}]}}